{"id":2339,"date":"2025-06-09T12:59:23","date_gmt":"2025-06-09T12:59:23","guid":{"rendered":"https:\/\/zmm.lt\/?page_id=2339"},"modified":"2025-06-09T13:20:00","modified_gmt":"2025-06-09T13:20:00","slug":"istorija","status":"publish","type":"page","link":"https:\/\/zmm.lt\/?page_id=2339","title":{"rendered":"Istorija"},"content":{"rendered":"\t\t<div data-elementor-type=\"wp-page\" data-elementor-id=\"2339\" class=\"elementor elementor-2339\">\n\t\t\t\t<div class=\"elementor-element elementor-element-6011deb e-flex e-con-boxed e-con e-parent\" data-id=\"6011deb\" data-element_type=\"container\">\n\t\t\t\t\t<div class=\"e-con-inner\">\n\t\t\t\t<div class=\"elementor-element elementor-element-7752b1d elementor-widget elementor-widget-text-editor\" data-id=\"7752b1d\" data-element_type=\"widget\" data-widget_type=\"text-editor.default\">\n\t\t\t\t<div class=\"elementor-widget-container\">\n\t\t\t\t\t\t\t<p><strong>KURIAME IR AUGAME KARTU<\/strong><\/p><p>Zaras\u0173 muzikos mokykla savo duris atv\u0117r\u0117 1960 metais ramioje ir tylioje K. B\u016bgos gatv\u0117je. \u012esik\u016br\u0117 ji kukliame mediniame name. Pirm\u0105ja mokyklos direktore paskiriama Aldona Kri\u0161taponien\u0117. Pirmieji mokytojai \u2013 Birut\u0117 Gylyt\u0117 ir Algis Jurkauskas. Pirmaisiais metais groti fortepijonu ir akordeonu \u012fstoja 60 mokini\u0173. B\u0117go metai, k\u016br\u0117si naujos specialyb\u0117s, gaus\u0117jo mokini\u0173 skai\u010dius. 1970 mokslo metais mokykla i\u0161kilmingai pa\u017eym\u0117jo de\u0161imties met\u0173 jubiliej\u0173. \u0160iuo metu \u012f paslapting\u0105 muzikos gars\u0173 pasaul\u012f mokinius ved\u0117 jau a\u0161tuoni pedagogai.<\/p><p>\u00a0\u00a0\u00a0\u00a0\u00a0\u00a0\u00a0\u00a0\u00a0\u00a0\u00a0 1985 metais mokykla \u012fsikuria Pauliaus \u0160irvio vidurin\u0117s mokyklos vieno korpuso tre\u010diame auk\u0161te. Ten prab\u0117ga penkeri mokslo metai.<\/p><p>\u00a0\u00a0\u00a0\u00a0\u00a0\u00a0\u00a0\u00a0\u00a0\u00a0\u00a0 1990 metais rugs\u0117jo 1-\u0105j\u0105 mokyklos bendruomen\u0117 \u0161vent\u0117 naujose patalpose \u2013 miesto centre buvusiame Zaras\u0173 rajono partijos komiteto pastate. T\u0173 pa\u010di\u0173 mokslo met\u0173 rugs\u0117j\u012f \u012fkuriamas Zaras\u0173 muzikos mokyklos Muzikos skyrius Salake. 1993-1994 mokslo metais, atidarius Dail\u0117s skyri\u0173, mokykla kei\u010dia pavadinim\u0105. Ji tampa Zaras\u0173 meno mokykla. Joje \u012fvedama nauja mokomoji programa ir de\u0161imtbal\u0117 vertinimo sistema. 1996 met\u0173 rugs\u0117jo 1-\u0105j\u0105, \u012fk\u016brus Choreografijos skyri\u0173, mokyklos slenkst\u012f per\u017eengia ir pirmieji \u0161okio men\u0105 mylintys vaikai.<\/p><p>\u00a0\u00a0\u00a0\u00a0\u00a0\u00a0\u00a0\u00a0\u00a0\u00a0\u00a0 2011 m. rugpj\u016b\u010dio 8 d. Zaras\u0173 meno mokykla v\u0117l kei\u010dia patalpas, Zaras\u0173 rajono savivaldyb\u0117s sprendimu, ir yra perkeliama \u012f vaik\u0173 globos nam\u0173 pastat\u0105, adresu Dariaus ir Gir\u0117no g. 11, Zarasai, mokykla \u0161iose patalpose yra iki dabar, 2024 met\u0173.<\/p><p>\u00a0\u00a0\u00a0\u00a0\u00a0\u00a0\u00a0\u00a0\u00a0\u00a0\u00a0 Per 50 met\u0173 mokykloje pasikeit\u0117 7 direktoriai: pirm\u0105j\u0105 direktor\u0119 po dviej\u0173 met\u0173 pakeit\u0117 Vytautas Juodeika, kuris direktoriavo penkerius metus. Po to \u2013 Simonas Narkevi\u010dius \u2013 17 met\u0173, Povilas Lazdauskas \u2013 5 metus, Danguol\u0117 Petra\u0161i\u016bnien\u0117 \u2013 vienerius metus, Liudmila Vorobjova \u2013 15 met\u0173. Nuo 2006 mokslo met\u0173 direktor\u0117s pareigas iki 2021 m. gegu\u017e\u0117s m\u0117nesio \u0117jo Sigita Ker\u0161ien\u0117, s\u0117kmingai mokyklai vadovavo 15 met\u0173. Tuometin\u012f pedagog\u0173 branduol\u012f sudaro 20 kruop\u0161\u010diai ir k\u016brybingai dirban\u010di\u0173 mokytoj\u0173.<\/p><p>\u00a0\u00a0\u00a0\u00a0\u00a0\u00a0\u00a0\u00a0\u00a0\u00a0\u00a0 Iki 2021 met\u0173 mokykloje veik\u0117 Muzikos, Salako muzikos, Dail\u0117s ir Choreografijos skyriai. Juose kiekvienais metais mok\u0117si apie 250 mokini\u0173. Muzikos skyriuje mokoma groti fortepijonu, akordeonu, gitara, smuiku, violon\u010dele, fleita, trimitu ir kitais variniais pu\u010diamaisiais instrumentais. Dail\u0117s skyriuje d\u0117stomi pie\u0161imo, tapybos, grafikos, erdvin\u0117s rai\u0161kos dalykai. Choreografijos skyriuje mokiniai supa\u017eindinami su Lietuvi\u0173 liaudies sceninio \u0161okio, Klasikinio \u0161okio, Pasaulio taut\u0173 sceninio \u0161okio, Buities ir istorinio bei pramoginio \u0161okio pagrindais.<\/p><p>\u00a0\u00a0\u00a0\u00a0\u00a0\u00a0\u00a0\u00a0\u00a0\u00a0\u00a0 Per 50 met\u0173 i\u0161leista 46 absolvent\u0173 laidos. Daug i\u0161 j\u0173 pasirinko muzikanto profesionalo keli\u0105. <strong>Pirm\u0105sias muzikines \u017einias \u0161ioje mokykloje \u012fgijo \u017eymus Lietuvos kompozitorius Faustas Lat\u0117nas.<\/strong><\/p><p>\u00a0\u00a0\u00a0\u00a0\u00a0\u00a0\u00a0\u00a0\u00a0\u00a0\u00a0 2020 m. prasid\u0117j\u0119s Covid-19 pandemijos laikotarpis, mokykla prad\u0117jo dirbti ir mokiniams vesti pamokas nuotoliniu b\u016bdu, tai buvo did\u017eiulis i\u0161\u0161\u016bkis mokyklai, ta\u010diau s\u0117kmingai \u0161\u012f laikotarp\u012f i\u0161gyvenome.<\/p><p>\u00a0\u00a0\u00a0\u00a0\u00a0\u00a0\u00a0\u00a0\u00a0\u00a0\u00a0 2020 m. Zaras\u0173 meno mokykla \u0161vent\u0117 60-ies met\u0173 jubiliej\u0173, \u0161is jubiliejus buvo kitoks \u2013 nuotoliniu b\u016bdu. Mokyklos mokini\u0173 \u012fra\u0161yti koncertai, atliekami k\u016briniai bei dainos skamb\u0117jo miesto gatv\u0117se.<\/p><p>\u00a0\u00a0\u00a0\u00a0\u00a0\u00a0\u00a0\u00a0\u00a0\u00a0\u00a0 2021 m. rugs\u0117jo 10 d. oficialiai prie Zaras\u0173 meno mokyklos, \u012fvykus reorganizavimui, yra prijungiama Duset\u0173 meno mokykla, v\u0117liau vadinama Duset\u0173 meno skyriumi.<\/p><p>\u00a0\u00a0\u00a0\u00a0\u00a0\u00a0\u00a0\u00a0\u00a0\u00a0\u00a0 Nuo 2021 m. gegu\u017e\u0117s 6 d. Rasai Ju\u0161k\u0117nienei pavesta laikinai atlikti Zaras\u0173 meno mokyklos direktoriaus funkcijas, laim\u0117jus konkurs\u0105, nuo spalio 1 d. Zaras\u0173 meno mokyklos direktor\u0117s pareigas eina Rasa Ju\u0161k\u0117nien\u0117. Nuo tos dienos mokykloje \u012fvyko labai dideli ir prasmingi poky\u010diai. Nuo 2021 m. mokykloje mokosi vis daugiau mokini\u0173, net iki 350.<\/p><p>\u00a0\u00a0\u00a0\u00a0\u00a0\u00a0\u00a0\u00a0\u00a0\u00a0\u00a0 2022 m. kovo 4 d. Zaras\u0173 rajono savivaldyb\u0117s tarybos sprendimu, mokyklai suteiktas naujas vardas \u2013 ZARAS\u0172 FAUSTO LAT\u0116NO MENO MOKYKLA. Oficialus vardo suteikimo renginys vyko 2022 m. rugpj\u016b\u010dio 15 d., jame dalyvavo Fausto Lat\u0117no \u0161eima ir artimieji, kolegos ir draugai, Zaras\u0173 miesto vadovai. Renginio metu, bendruomen\u0117 sodino simbolin\u012f med\u012f \u2013 ber\u017e\u0105, kuris skirtas Faustui Lat\u0117nui atminti. Koncertavo Rokas Zubovas ir violon\u010delininkas Gleb Py\u0161niak. Ramut\u0117 Rachlevi\u010di\u016bt\u0117 d\u017eiaugiasi ir nuolat palaiko mokyklos bendruomen\u0117s veiklas.<\/p><p><em>Estetiniam jaunosios kartos aukl\u0117jimui negailime nei laiko, nei darbo. Ir jeigu ma\u017eose vaik\u0173 \u0161irdel\u0117se pas\u0117jome meil\u0119 menui, gro\u017eiui, \u017einokime, kad tai kuklus Zaras\u0173 Fausto Lat\u0117no meno mokyklos \u012fna\u0161as ateities Lietuvai.<\/em><\/p>\t\t\t\t\t\t<\/div>\n\t\t\t\t<\/div>\n\t\t\t\t\t<\/div>\n\t\t\t\t<\/div>\n\t\t<div class=\"elementor-element elementor-element-1cefbd5 e-flex e-con-boxed e-con e-parent\" data-id=\"1cefbd5\" data-element_type=\"container\">\n\t\t\t\t\t<div class=\"e-con-inner\">\n\t\t\t\t<div class=\"elementor-element elementor-element-61b75c3 elementor-widget elementor-widget-image\" data-id=\"61b75c3\" data-element_type=\"widget\" data-widget_type=\"image.default\">\n\t\t\t\t<div class=\"elementor-widget-container\">\n\t\t\t\t\t\t\t\t\t\t\t\t\t<img fetchpriority=\"high\" decoding=\"async\" width=\"2048\" height=\"1536\" src=\"https:\/\/zmm.lt\/wp-content\/uploads\/2025\/06\/ZMM-bendruomene.jpg\" class=\"attachment-full size-full wp-image-2344\" alt=\"\" srcset=\"https:\/\/zmm.lt\/wp-content\/uploads\/2025\/06\/ZMM-bendruomene.jpg 2048w, https:\/\/zmm.lt\/wp-content\/uploads\/2025\/06\/ZMM-bendruomene-300x225.jpg 300w, https:\/\/zmm.lt\/wp-content\/uploads\/2025\/06\/ZMM-bendruomene-1024x768.jpg 1024w, https:\/\/zmm.lt\/wp-content\/uploads\/2025\/06\/ZMM-bendruomene-768x576.jpg 768w, https:\/\/zmm.lt\/wp-content\/uploads\/2025\/06\/ZMM-bendruomene-1536x1152.jpg 1536w\" sizes=\"(max-width: 2048px) 100vw, 2048px\" \/>\t\t\t\t\t\t\t\t\t\t\t\t\t<\/div>\n\t\t\t\t<\/div>\n\t\t\t\t\t<\/div>\n\t\t\t\t<\/div>\n\t\t\t\t<\/div>\n\t\t","protected":false},"excerpt":{"rendered":"<p>KURIAME IR AUGAME KARTU Zaras\u0173 muzikos mokykla savo duris atv\u0117r\u0117 1960 metais ramioje ir tylioje K. B\u016bgos gatv\u0117je. \u012esik\u016br\u0117 ji kukliame mediniame name. Pirm\u0105ja mokyklos direktore paskiriama Aldona Kri\u0161taponien\u0117. Pirmieji mokytojai \u2013 Birut\u0117 Gylyt\u0117 ir Algis Jurkauskas. Pirmaisiais metais groti fortepijonu ir akordeonu \u012fstoja 60 mokini\u0173. B\u0117go metai, k\u016br\u0117si naujos specialyb\u0117s, gaus\u0117jo mokini\u0173 skai\u010dius. 1970 &hellip; <a href=\"https:\/\/zmm.lt\/?page_id=2339\" class=\"more-link\">Continue reading <span class=\"screen-reader-text\">Istorija<\/span> <span class=\"meta-nav\">&rarr;<\/span><\/a><\/p>\n","protected":false},"author":1,"featured_media":0,"parent":0,"menu_order":0,"comment_status":"closed","ping_status":"closed","template":"","meta":{"footnotes":""},"class_list":["post-2339","page","type-page","status-publish","hentry"],"_links":{"self":[{"href":"https:\/\/zmm.lt\/index.php?rest_route=\/wp\/v2\/pages\/2339","targetHints":{"allow":["GET"]}}],"collection":[{"href":"https:\/\/zmm.lt\/index.php?rest_route=\/wp\/v2\/pages"}],"about":[{"href":"https:\/\/zmm.lt\/index.php?rest_route=\/wp\/v2\/types\/page"}],"author":[{"embeddable":true,"href":"https:\/\/zmm.lt\/index.php?rest_route=\/wp\/v2\/users\/1"}],"replies":[{"embeddable":true,"href":"https:\/\/zmm.lt\/index.php?rest_route=%2Fwp%2Fv2%2Fcomments&post=2339"}],"version-history":[{"count":10,"href":"https:\/\/zmm.lt\/index.php?rest_route=\/wp\/v2\/pages\/2339\/revisions"}],"predecessor-version":[{"id":2353,"href":"https:\/\/zmm.lt\/index.php?rest_route=\/wp\/v2\/pages\/2339\/revisions\/2353"}],"wp:attachment":[{"href":"https:\/\/zmm.lt\/index.php?rest_route=%2Fwp%2Fv2%2Fmedia&parent=2339"}],"curies":[{"name":"wp","href":"https:\/\/api.w.org\/{rel}","templated":true}]}}