{"id":1632,"date":"2024-03-22T07:16:37","date_gmt":"2024-03-22T07:16:37","guid":{"rendered":"https:\/\/zmm.lt\/?page_id=1632"},"modified":"2025-06-12T12:31:51","modified_gmt":"2025-06-12T12:31:51","slug":"bendradarbiavimas","status":"publish","type":"page","link":"https:\/\/zmm.lt\/?page_id=1632","title":{"rendered":"Bendradarbiavimas"},"content":{"rendered":"\t\t<div data-elementor-type=\"wp-page\" data-elementor-id=\"1632\" class=\"elementor elementor-1632\">\n\t\t\t\t<div class=\"elementor-element elementor-element-6fd98f0a e-flex e-con-boxed e-con e-parent\" data-id=\"6fd98f0a\" data-element_type=\"container\">\n\t\t\t\t\t<div class=\"e-con-inner\">\n\t\t\t\t<div class=\"elementor-element elementor-element-3c0d7f2e elementor-widget elementor-widget-text-editor\" data-id=\"3c0d7f2e\" data-element_type=\"widget\" data-widget_type=\"text-editor.default\">\n\t\t\t\t<div class=\"elementor-widget-container\">\n\t\t\t\t\t\t\t<!-- wp:paragraph -->\n<p><b>2024 metai. Bendradarbiavimo sutartys:\u00a0<\/b>2024 m. vasario 28 d. mokykloje lank\u0117si Var\u0117nos Jadvygos \u010ciurlionyt\u0117s meno mokyklos kolektyvas. Dalinom\u0117s patirtimis, diskutavom aktualiais meninio ugdymo klausimais, d\u017eiaugsmingai pasira\u0161\u0117m bendradarbiavimo sutart\u012f, sulauk\u0117me kvietimo apsilankyti ir pas juos. Spalio 16 d. pasira\u0161yta bendradarbiavimo sutartis su Vilniaus dail\u0117s akademija. Spalio 28 d. sudaryta bendradarbiavimo sutartis su MB \u201ePramog\u0173 sostin\u0117\u201c. M\u016bs\u0173 ma\u017eieji dailininkai \u0161iemet nupie\u0161\u0117 vir\u0161 200 velykini\u0173 atviruk\u0173, Zaras\u0173 Carito pra\u0161ymu, dail\u0117s skyriaus mokiniai ir mokytojai: Ramun\u0117 Sladkevi\u010di\u016bt\u0117 Dainien\u0117, \u017dydr\u016bnas Dainys, Petron\u0117 Sekonien\u0117, Jurga Navickien\u0117. Daugpilio S. Broko muzikos mokyklos mokini\u0173 koncertas Zaras\u0173 Fausto Lat\u0117no meno mokykloje. Vajasi\u0161kio \u0160v. Jono Krik\u0161tytojo ba\u017eny\u010dioje vyko Zaras\u0173 Fausto Lat\u0117no meno mokyklos mokini\u0173 koncertas, skirtas motinos dienai, mokytoja D. Petra\u0161i\u016bnien\u0117. Lapkri\u010dio 20 d. Zaras\u0173 Fausto Lat\u0117no meno mokyklos ir Vilniaus Juozo Tallat \u2013 Kelp\u0161os konservatorijos direktor\u0117s pasira\u0161\u0117 bendradarbiavimo sutart\u012f. Mokyklos dail\u0117s skyriaus mokiniai ir mokytojai pie\u0161\u0117 kal\u0117dinius sveikinimo atvirukus, kuriuos Zaras\u0173 Carito savanoriai i\u0161dalins sunkiai gyvenantiems. Gruod\u017eio 3 d. pasira\u0161yta bendradarbiavimo sutartis su Zaras\u0173 rajono savivaldyb\u0117s kult\u016bros centru. Mokyklos bendruomen\u0117 nuolat bendradarbiauja su Zaras\u0173 rajono \u012fstaigomis, organizacijomis, aktyviai koncertuoja ir dalinasi patirtimi. Zaras\u0173 Fausto Lat\u0117no meno mokyklos kiekvieni metai b\u016bna ypatingai aktyv\u016bs ir prasmingi savo veiklomis.<\/p>\n<!-- \/wp:paragraph --><!-- wp:spacer {\"height\":\"879px\"} -->\n<div class=\"wp-block-spacer\" style=\"height: 879px;\" aria-hidden=\"true\">\u00a0<\/div>\n<!-- \/wp:spacer -->\t\t\t\t\t\t<\/div>\n\t\t\t\t<\/div>\n\t\t\t\t\t<\/div>\n\t\t\t\t<\/div>\n\t\t\t\t<\/div>\n\t\t","protected":false},"excerpt":{"rendered":"<p>2024 metai. Bendradarbiavimo sutartys:\u00a02024 m. vasario 28 d. mokykloje lank\u0117si Var\u0117nos Jadvygos \u010ciurlionyt\u0117s meno mokyklos kolektyvas. Dalinom\u0117s patirtimis, diskutavom aktualiais meninio ugdymo klausimais, d\u017eiaugsmingai pasira\u0161\u0117m bendradarbiavimo sutart\u012f, sulauk\u0117me kvietimo apsilankyti ir pas juos. Spalio 16 d. pasira\u0161yta bendradarbiavimo sutartis su Vilniaus dail\u0117s akademija. Spalio 28 d. sudaryta bendradarbiavimo sutartis su MB \u201ePramog\u0173 sostin\u0117\u201c. M\u016bs\u0173 ma\u017eieji &hellip; <a href=\"https:\/\/zmm.lt\/?page_id=1632\" class=\"more-link\">Continue reading <span class=\"screen-reader-text\">Bendradarbiavimas<\/span> <span class=\"meta-nav\">&rarr;<\/span><\/a><\/p>\n","protected":false},"author":1,"featured_media":0,"parent":0,"menu_order":0,"comment_status":"closed","ping_status":"closed","template":"","meta":{"footnotes":""},"class_list":["post-1632","page","type-page","status-publish","hentry"],"_links":{"self":[{"href":"https:\/\/zmm.lt\/index.php?rest_route=\/wp\/v2\/pages\/1632","targetHints":{"allow":["GET"]}}],"collection":[{"href":"https:\/\/zmm.lt\/index.php?rest_route=\/wp\/v2\/pages"}],"about":[{"href":"https:\/\/zmm.lt\/index.php?rest_route=\/wp\/v2\/types\/page"}],"author":[{"embeddable":true,"href":"https:\/\/zmm.lt\/index.php?rest_route=\/wp\/v2\/users\/1"}],"replies":[{"embeddable":true,"href":"https:\/\/zmm.lt\/index.php?rest_route=%2Fwp%2Fv2%2Fcomments&post=1632"}],"version-history":[{"count":7,"href":"https:\/\/zmm.lt\/index.php?rest_route=\/wp\/v2\/pages\/1632\/revisions"}],"predecessor-version":[{"id":2381,"href":"https:\/\/zmm.lt\/index.php?rest_route=\/wp\/v2\/pages\/1632\/revisions\/2381"}],"wp:attachment":[{"href":"https:\/\/zmm.lt\/index.php?rest_route=%2Fwp%2Fv2%2Fmedia&parent=1632"}],"curies":[{"name":"wp","href":"https:\/\/api.w.org\/{rel}","templated":true}]}}